{"id":48,"date":"2022-07-18T15:48:47","date_gmt":"2022-07-18T15:48:47","guid":{"rendered":"http:\/\/www.coordinadoradelamujer.org.bo\/emprender\/?page_id=48"},"modified":"2022-09-15T18:53:40","modified_gmt":"2022-09-15T18:53:40","slug":"noticias","status":"publish","type":"page","link":"https:\/\/www.coordinadoradelamujer.org.bo\/emprender\/index.php\/noticias\/","title":{"rendered":"Noticias"},"content":{"rendered":"\t\t<div data-elementor-type=\"wp-page\" data-elementor-id=\"48\" class=\"elementor elementor-48\">\n\t\t\t\t\t\t\t\t\t<section class=\"elementor-section elementor-top-section elementor-element elementor-element-c396d4e elementor-section-full_width elementor-section-height-min-height elementor-section-height-default elementor-section-items-middle\" data-id=\"c396d4e\" data-element_type=\"section\" data-settings=\"{&quot;background_background&quot;:&quot;classic&quot;}\">\n\t\t\t\t\t\t<div class=\"elementor-container elementor-column-gap-default\">\n\t\t\t\t\t<div class=\"elementor-column elementor-col-100 elementor-top-column elementor-element elementor-element-c07d979\" data-id=\"c07d979\" data-element_type=\"column\">\n\t\t\t<div class=\"elementor-widget-wrap elementor-element-populated\">\n\t\t\t\t\t\t\t\t<section class=\"elementor-section elementor-inner-section elementor-element elementor-element-b99c496 elementor-section-boxed elementor-section-height-default elementor-section-height-default\" data-id=\"b99c496\" data-element_type=\"section\">\n\t\t\t\t\t\t<div class=\"elementor-container elementor-column-gap-default\">\n\t\t\t\t\t<div class=\"elementor-column elementor-col-50 elementor-inner-column elementor-element elementor-element-c85d66d\" data-id=\"c85d66d\" data-element_type=\"column\">\n\t\t\t<div class=\"elementor-widget-wrap elementor-element-populated\">\n\t\t\t\t\t\t\t\t<div class=\"elementor-element elementor-element-d1fe9b4 e-transform elementor-widget-divider--view-line elementor-widget elementor-widget-divider\" data-id=\"d1fe9b4\" data-element_type=\"widget\" data-settings=\"{&quot;_transform_rotateZ_effect&quot;:{&quot;unit&quot;:&quot;px&quot;,&quot;size&quot;:90,&quot;sizes&quot;:[]},&quot;_transform_rotateZ_effect_tablet&quot;:{&quot;unit&quot;:&quot;px&quot;,&quot;size&quot;:&quot;&quot;,&quot;sizes&quot;:[]},&quot;_transform_rotateZ_effect_mobile&quot;:{&quot;unit&quot;:&quot;px&quot;,&quot;size&quot;:&quot;&quot;,&quot;sizes&quot;:[]}}\" data-widget_type=\"divider.default\">\n\t\t\t\t<div class=\"elementor-widget-container\">\n\t\t\t<style>\/*! elementor - v3.6.7 - 03-07-2022 *\/\n.elementor-widget-divider{--divider-border-style:none;--divider-border-width:1px;--divider-color:#2c2c2c;--divider-icon-size:20px;--divider-element-spacing:10px;--divider-pattern-height:24px;--divider-pattern-size:20px;--divider-pattern-url:none;--divider-pattern-repeat:repeat-x}.elementor-widget-divider .elementor-divider{display:-webkit-box;display:-ms-flexbox;display:flex}.elementor-widget-divider .elementor-divider__text{font-size:15px;line-height:1;max-width:95%}.elementor-widget-divider .elementor-divider__element{margin:0 var(--divider-element-spacing);-ms-flex-negative:0;flex-shrink:0}.elementor-widget-divider .elementor-icon{font-size:var(--divider-icon-size)}.elementor-widget-divider .elementor-divider-separator{display:-webkit-box;display:-ms-flexbox;display:flex;margin:0;direction:ltr}.elementor-widget-divider--view-line_icon .elementor-divider-separator,.elementor-widget-divider--view-line_text .elementor-divider-separator{-webkit-box-align:center;-ms-flex-align:center;align-items:center}.elementor-widget-divider--view-line_icon .elementor-divider-separator:after,.elementor-widget-divider--view-line_icon .elementor-divider-separator:before,.elementor-widget-divider--view-line_text .elementor-divider-separator:after,.elementor-widget-divider--view-line_text .elementor-divider-separator:before{display:block;content:\"\";border-bottom:0;-webkit-box-flex:1;-ms-flex-positive:1;flex-grow:1;border-top:var(--divider-border-width) var(--divider-border-style) var(--divider-color)}.elementor-widget-divider--element-align-left .elementor-divider .elementor-divider-separator>.elementor-divider__svg:first-of-type{-webkit-box-flex:0;-ms-flex-positive:0;flex-grow:0;-ms-flex-negative:100;flex-shrink:100}.elementor-widget-divider--element-align-left .elementor-divider-separator:before{content:none}.elementor-widget-divider--element-align-left .elementor-divider__element{margin-left:0}.elementor-widget-divider--element-align-right .elementor-divider .elementor-divider-separator>.elementor-divider__svg:last-of-type{-webkit-box-flex:0;-ms-flex-positive:0;flex-grow:0;-ms-flex-negative:100;flex-shrink:100}.elementor-widget-divider--element-align-right .elementor-divider-separator:after{content:none}.elementor-widget-divider--element-align-right .elementor-divider__element{margin-right:0}.elementor-widget-divider:not(.elementor-widget-divider--view-line_text):not(.elementor-widget-divider--view-line_icon) .elementor-divider-separator{border-top:var(--divider-border-width) var(--divider-border-style) var(--divider-color)}.elementor-widget-divider--separator-type-pattern{--divider-border-style:none}.elementor-widget-divider--separator-type-pattern.elementor-widget-divider--view-line .elementor-divider-separator,.elementor-widget-divider--separator-type-pattern:not(.elementor-widget-divider--view-line) .elementor-divider-separator:after,.elementor-widget-divider--separator-type-pattern:not(.elementor-widget-divider--view-line) .elementor-divider-separator:before,.elementor-widget-divider--separator-type-pattern:not([class*=elementor-widget-divider--view]) .elementor-divider-separator{width:100%;min-height:var(--divider-pattern-height);-webkit-mask-size:var(--divider-pattern-size) 100%;mask-size:var(--divider-pattern-size) 100%;-webkit-mask-repeat:var(--divider-pattern-repeat);mask-repeat:var(--divider-pattern-repeat);background-color:var(--divider-color);-webkit-mask-image:var(--divider-pattern-url);mask-image:var(--divider-pattern-url)}.elementor-widget-divider--no-spacing{--divider-pattern-size:auto}.elementor-widget-divider--bg-round{--divider-pattern-repeat:round}.rtl .elementor-widget-divider .elementor-divider__text{direction:rtl}<\/style>\t\t<div class=\"elementor-divider\">\n\t\t\t<span class=\"elementor-divider-separator\">\n\t\t\t\t\t\t<\/span>\n\t\t<\/div>\n\t\t\t\t<\/div>\n\t\t\t\t<\/div>\n\t\t\t\t\t<\/div>\n\t\t<\/div>\n\t\t\t\t<div class=\"elementor-column elementor-col-50 elementor-inner-column elementor-element elementor-element-36ba225\" data-id=\"36ba225\" data-element_type=\"column\">\n\t\t\t<div class=\"elementor-widget-wrap elementor-element-populated\">\n\t\t\t\t\t\t\t\t<div class=\"elementor-element elementor-element-2c497d9 elementor-widget elementor-widget-heading\" data-id=\"2c497d9\" data-element_type=\"widget\" data-widget_type=\"heading.default\">\n\t\t\t\t<div class=\"elementor-widget-container\">\n\t\t\t<style>\/*! elementor - v3.6.7 - 03-07-2022 *\/\n.elementor-heading-title{padding:0;margin:0;line-height:1}.elementor-widget-heading .elementor-heading-title[class*=elementor-size-]>a{color:inherit;font-size:inherit;line-height:inherit}.elementor-widget-heading .elementor-heading-title.elementor-size-small{font-size:15px}.elementor-widget-heading .elementor-heading-title.elementor-size-medium{font-size:19px}.elementor-widget-heading .elementor-heading-title.elementor-size-large{font-size:29px}.elementor-widget-heading .elementor-heading-title.elementor-size-xl{font-size:39px}.elementor-widget-heading .elementor-heading-title.elementor-size-xxl{font-size:59px}<\/style><h2 class=\"elementor-heading-title elementor-size-default\">NOTICIAS<\/h2>\t\t<\/div>\n\t\t\t\t<\/div>\n\t\t\t\t\t<\/div>\n\t\t<\/div>\n\t\t\t\t\t\t\t<\/div>\n\t\t<\/section>\n\t\t\t\t\t<\/div>\n\t\t<\/div>\n\t\t\t\t\t\t\t<\/div>\n\t\t<\/section>\n\t\t\t\t<section class=\"elementor-section elementor-top-section elementor-element elementor-element-ec2c92f elementor-section-boxed elementor-section-height-default elementor-section-height-default\" data-id=\"ec2c92f\" data-element_type=\"section\">\n\t\t\t\t\t\t<div class=\"elementor-container elementor-column-gap-default\">\n\t\t\t\t\t<div class=\"elementor-column elementor-col-100 elementor-top-column elementor-element elementor-element-8cbc836\" data-id=\"8cbc836\" data-element_type=\"column\">\n\t\t\t<div class=\"elementor-widget-wrap elementor-element-populated\">\n\t\t\t\t\t\t\t\t<div class=\"elementor-element elementor-element-c732a0d elementor-widget elementor-widget-elementskit-heading\" data-id=\"c732a0d\" data-element_type=\"widget\" data-widget_type=\"elementskit-heading.default\">\n\t\t\t\t<div class=\"elementor-widget-container\">\n\t\t\t<div class=\"ekit-wid-con\" ><div class=\"ekit-heading elementskit-section-title-wraper center   ekit_heading_tablet-   ekit_heading_mobile-\"><h2 class=\"ekit-heading--title elementskit-section-title \">\n\t\t\t\t\tUltimas Noticias\n\t\t\t\t<\/h2><div class=\"ekit_heading_separetor_wraper ekit_heading_elementskit-border-divider\"><div class=\"elementskit-border-divider\"><\/div><\/div><\/div><\/div>\t\t<\/div>\n\t\t\t\t<\/div>\n\t\t\t\t\t<\/div>\n\t\t<\/div>\n\t\t\t\t\t\t\t<\/div>\n\t\t<\/section>\n\t\t\t\t<section class=\"elementor-section elementor-top-section elementor-element elementor-element-2b5f025 elementor-section-boxed elementor-section-height-default elementor-section-height-default\" data-id=\"2b5f025\" data-element_type=\"section\">\n\t\t\t\t\t\t<div class=\"elementor-container elementor-column-gap-default\">\n\t\t\t\t\t<div class=\"elementor-column elementor-col-100 elementor-top-column elementor-element elementor-element-0be53a7\" data-id=\"0be53a7\" data-element_type=\"column\">\n\t\t\t<div class=\"elementor-widget-wrap elementor-element-populated\">\n\t\t\t\t\t\t\t\t<div class=\"elementor-element elementor-element-f1bb289 elementor-widget elementor-widget-prime-slider-fiestar\" data-id=\"f1bb289\" data-element_type=\"widget\" data-widget_type=\"prime-slider-fiestar.default\">\n\t\t\t\t<div class=\"elementor-widget-container\">\n\t\t\t            <div class=\"bdt-prime-slider\">\n                            <div id=\"bdt-prime-slider-f1bb289\" class=\"bdt-fiestar-slider elementor-swiper\" data-settings=\"{&quot;autoplay&quot;:{&quot;delay&quot;:5000},&quot;loop&quot;:true,&quot;speed&quot;:500,&quot;slidesPerView&quot;:1,&quot;slidesPerGroup&quot;:1,&quot;centeredSlides&quot;:true,&quot;effect&quot;:&quot;slide&quot;,&quot;parallax&quot;:true,&quot;breakpoints&quot;:{&quot;767&quot;:{&quot;slidesPerView&quot;:3,&quot;spaceBetween&quot;:20,&quot;slidesPerGroup&quot;:1},&quot;1023&quot;:{&quot;slidesPerView&quot;:3,&quot;spaceBetween&quot;:15,&quot;slidesPerGroup&quot;:1}},&quot;navigation&quot;:{&quot;nextEl&quot;:&quot;#bdt-prime-slider-f1bb289 .bdt-navigation-next&quot;,&quot;prevEl&quot;:&quot;#bdt-prime-slider-f1bb289 .bdt-navigation-prev&quot;},&quot;lazy&quot;:{&quot;loadPrevNext&quot;:&quot;true&quot;}}\">\n                <div class=\"bdt-center-slider\">\n                    <div class=\"swiper-wrapper\">\n                        <div class=\"bdt-item swiper-slide\">\n                <div class=\"bdt-img-wrap\">\n                                <img decoding=\"async\" class=\"bdt-img swiper-lazy\" src=\"https:\/\/www.coordinadoradelamujer.org.bo\/emprender\/wp-content\/uploads\/2023\/11\/foto-1.jpg\" alt=\"Mujeres y j\u00f3venes emprendedores de ocho municipios de Bolivia se re\u00fanen en una feria, en La Paz\">\n                            <\/div>\n                <div class=\"bdt-content\">\n                                        <h3 class=\"bdt-title\" >\n                    <a href=\"https:\/\/www.coordinadoradelamujer.org.bo\/emprender\/index.php\/2023\/11\/17\/mujeres-y-jovenes-emprendedores-de-ocho-municipios-de-bolivia-se-reunen-en-una-feria-en-la-paz\/\" title=\"Mujeres y j\u00f3venes emprendedores de ocho municipios de Bolivia se re\u00fanen en una feria, en La Paz\">\n                        Mujeres y j\u00f3venes emprendedores de ocho municipios de Bolivia se re\u00fanen en una feria, en La Paz\n                    <\/a>\n                <\/h3>                <\/div>\n            <\/div>\n                        <div class=\"bdt-item swiper-slide\">\n                <div class=\"bdt-img-wrap\">\n                                <img decoding=\"async\" class=\"bdt-img swiper-lazy\" src=\"https:\/\/www.coordinadoradelamujer.org.bo\/emprender\/wp-content\/uploads\/2023\/11\/3-mercadito.jpg\" alt=\"Mercadito Digital, una vitrina de emprendimientos de mujeres y j\u00f3venes, se abre al p\u00fablico\">\n                            <\/div>\n                <div class=\"bdt-content\">\n                                        <h3 class=\"bdt-title\" >\n                    <a href=\"https:\/\/www.coordinadoradelamujer.org.bo\/emprender\/index.php\/2023\/11\/17\/mercadito-digital-una-vitrina-de-emprendimientos-de-mujeres-y-jovenes-se-abre-al-publico\/\" title=\"Mercadito Digital, una vitrina de emprendimientos de mujeres y j\u00f3venes, se abre al p\u00fablico\">\n                        Mercadito Digital, una vitrina de emprendimientos de mujeres y j\u00f3venes, se abre al p\u00fablico\n                    <\/a>\n                <\/h3>                <\/div>\n            <\/div>\n                        <div class=\"bdt-item swiper-slide\">\n                <div class=\"bdt-img-wrap\">\n                                <img decoding=\"async\" class=\"bdt-img swiper-lazy\" src=\"https:\/\/www.coordinadoradelamujer.org.bo\/emprender\/wp-content\/uploads\/2023\/11\/3-plat.jpeg\" alt=\"M\u00e1s de 15 organizaciones reactivan la Plataforma Ruta 2030 para dar seguimiento al cumplimiento de los ODS\">\n                            <\/div>\n                <div class=\"bdt-content\">\n                                        <h3 class=\"bdt-title\" >\n                    <a href=\"https:\/\/www.coordinadoradelamujer.org.bo\/emprender\/index.php\/2023\/11\/17\/mas-de-15-organizaciones-reactivan-la-plataforma-ruta-2030-para-dar-seguimiento-al-cumplimiento-de-los-ods\/\" title=\"M\u00e1s de 15 organizaciones reactivan la Plataforma Ruta 2030 para dar seguimiento al cumplimiento de los ODS\">\n                        M\u00e1s de 15 organizaciones reactivan la Plataforma Ruta 2030 para dar seguimiento al cumplimiento de los ODS\n                    <\/a>\n                <\/h3>                <\/div>\n            <\/div>\n                                <\/div>\n\n                    <div class=\"bdt-navigation-wrap\">\n                        <div class=\"bdt-navigation-prev\">\n                            <i class=\"eicon-arrow-left\"><\/i>\n                        <\/div>\n                        <div class=\"bdt-navigation-next\">\n                            <i class=\"eicon-arrow-right\"><\/i>\n                        <\/div>\n                    <\/div>\n\n                <\/div>\n            <\/div>\n            \n            <\/div>\n            \t\t<\/div>\n\t\t\t\t<\/div>\n\t\t\t\t\t<\/div>\n\t\t<\/div>\n\t\t\t\t\t\t\t<\/div>\n\t\t<\/section>\n\t\t\t\t<section class=\"elementor-section elementor-top-section elementor-element elementor-element-e6fbf68 elementor-section-boxed elementor-section-height-default elementor-section-height-default\" data-id=\"e6fbf68\" data-element_type=\"section\">\n\t\t\t\t\t\t<div class=\"elementor-container elementor-column-gap-default\">\n\t\t\t\t\t<div class=\"elementor-column elementor-col-100 elementor-top-column elementor-element elementor-element-8379095\" data-id=\"8379095\" data-element_type=\"column\">\n\t\t\t<div class=\"elementor-widget-wrap elementor-element-populated\">\n\t\t\t\t\t\t\t\t<div class=\"elementor-element elementor-element-d630546 anwp-pg-widget-header-style--a anwp-pg-post-teaser__post-icon--size-16 elementor-widget elementor-widget-anwp-pg-classic-blog\" data-id=\"d630546\" data-element_type=\"widget\" data-widget_type=\"anwp-pg-classic-blog.default\">\n\t\t\t\t<div class=\"elementor-widget-container\">\n\t\t\t<div class=\"anwp-pg-wrap\">\n\n\t\n\t<div class=\"anwp-pg-classic-blog anwp-pg-posts-wrapper\">\n\t\t<div class=\"anwp-pg-post-teaser anwp-pg-post-teaser--layout-classic anwp-row anwp-no-gutters\">\n\n\t\t\t<div class=\"anwp-pg-post-teaser__thumbnail position-relative mb-2 mb-md-0 anwp-col-md-4\">\n\t\t\t\t\t\t\t<div class=\"anwp-pg-post-teaser__top-meta d-flex flex-column anwp-pg-post-teaser__category-column mr-auto\">\n\t\t\t\t\t<div class=\"anwp-pg-category__wrapper-filled px-2 d-flex align-items-center anwp-pg-post-teaser__category-wrapper align-self-start anwp-pg-category-parent-0\" style=\"background-color: #1565C0\"><span>Noticias<\/span><\/div>\t\t\t\t<\/div>\n\t\t\t\t\n\t\t\t<img decoding=\"async\" loading=\"lazy\" src=\"https:\/\/www.coordinadoradelamujer.org.bo\/emprender\/wp-content\/uploads\/2023\/11\/2.png\"\/>\n\n\t\t\t<div class=\"anwp-pg-post-teaser__thumbnail-classic-bg anwp-position-cover\"><\/div>\n\n\t\t\t<a class=\"anwp-position-cover anwp-link-without-effects\" href=\"https:\/\/www.coordinadoradelamujer.org.bo\/emprender\/index.php\/2023\/11\/03\/lanzan-kit-de-comunicacion-para-ayudar-a-estudiantes-a-prevenir-las-violencias-en-el-ambito-escolar-y-la-desercion-de-estudiantes\/\" aria-hidden=\"true\" ><\/a>\n\t\t<\/div>\n\t\n\t<div class=\"anwp-pg-post-teaser__content anwp-col-md-8\">\n\n\t\t<div class=\"anwp-pg-post-teaser__title anwp-font-heading my-2\">\n\t\t\t<a class=\"anwp-link-without-effects\" href=\"https:\/\/www.coordinadoradelamujer.org.bo\/emprender\/index.php\/2023\/11\/03\/lanzan-kit-de-comunicacion-para-ayudar-a-estudiantes-a-prevenir-las-violencias-en-el-ambito-escolar-y-la-desercion-de-estudiantes\/\" aria-hidden=\"true\" >\n\t\t\t\tLanzan kit de comunicaci\u00f3n para ayudar a estudiantes a prevenir las violencias en el \u00e1mbito escolar y la deserci\u00f3n de estudiantes\t\t\t<\/a>\n\t\t<\/div>\n\n\t\t<div class=\"anwp-pg-post-teaser__bottom-meta d-flex flex-wrap\">\n\n\t\t\t\n\t\t\t\t\t\t\t<div class=\"anwp-pg-post-teaser__bottom-meta-item d-flex align-items-center mr-4\">\n\t\t\t\t\t<svg class=\"anwp-pg-icon anwp-pg-icon--s16 mr-2\">\n\t\t\t\t\t\t<use xlink:href=\"#icon-anwp-pg-calendar\"><\/use>\n\t\t\t\t\t<\/svg>\n\t\t\t\t\t<span class=\"screen-reader-text\">Posted on<\/span><time class=\"anwp-pg-published\" datetime=\"2023-11-03T16:35:33+00:00\">3 de noviembre de 2023<\/time><time class=\"anwp-pg-updated\" datetime=\"2023-11-27T16:11:57+00:00\">27 de noviembre de 2023<\/time>\t\t\t\t<\/div>\n\t\t\t\t\t\t<\/div>\n\n\t\t<div class=\"anwp-pg-post-teaser__excerpt mt-2\">\n\t\t\t<p>Un total de 22 productos de comunicaci\u00f3n que tienen el objetivo de ayudar a las y los adolescentes y j\u00f3venes a desarrollar habilidades socioemocionales para la prevenci\u00f3n de violencias y la deserci\u00f3n de estudiantes de la educaci\u00f3n secundaria, fueron presentados hoy. Los mismos ser\u00e1n utilizados en talleres con las y ...<\/p>\t\t<\/div>\n\n\t\t\t\t\t<div class=\"w-100 anwp-pg-read-more mt-3\">\n\t\t\t\t<a href=\"https:\/\/www.coordinadoradelamujer.org.bo\/emprender\/index.php\/2023\/11\/03\/lanzan-kit-de-comunicacion-para-ayudar-a-estudiantes-a-prevenir-las-violencias-en-el-ambito-escolar-y-la-desercion-de-estudiantes\/\" class=\"anwp-pg-read-more__btn \" >\n\t\t\t\t\tLeer m\u00e1s\t\t\t\t<\/a>\n\t\t\t<\/div>\n\t\t\t<\/div>\n<\/div>\n<div class=\"anwp-pg-post-teaser anwp-pg-post-teaser--layout-classic anwp-row anwp-no-gutters\">\n\n\t\t\t<div class=\"anwp-pg-post-teaser__thumbnail position-relative mb-2 mb-md-0 anwp-col-md-4\">\n\t\t\t\t\t\t\t<div class=\"anwp-pg-post-teaser__top-meta d-flex flex-column anwp-pg-post-teaser__category-column mr-auto\">\n\t\t\t\t\t<div class=\"anwp-pg-category__wrapper-filled px-2 d-flex align-items-center anwp-pg-post-teaser__category-wrapper align-self-start anwp-pg-category-parent-0\" style=\"background-color: #1565C0\"><span>Noticias<\/span><\/div>\t\t\t\t<\/div>\n\t\t\t\t\n\t\t\t<img decoding=\"async\" loading=\"lazy\" src=\"https:\/\/www.coordinadoradelamujer.org.bo\/emprender\/wp-content\/uploads\/2023\/06\/WhatsApp-Image-2023-06-10-at-12.40.05.jpeg\"\/>\n\n\t\t\t<div class=\"anwp-pg-post-teaser__thumbnail-classic-bg anwp-position-cover\"><\/div>\n\n\t\t\t<a class=\"anwp-position-cover anwp-link-without-effects\" href=\"https:\/\/www.coordinadoradelamujer.org.bo\/emprender\/index.php\/2023\/06\/11\/alrededor-de-70-mujeres-y-jovenes-emprendedores-del-paisesperan-oportunidades-comerciales-en-la-fexco-2023\/\" aria-hidden=\"true\" ><\/a>\n\t\t<\/div>\n\t\n\t<div class=\"anwp-pg-post-teaser__content anwp-col-md-8\">\n\n\t\t<div class=\"anwp-pg-post-teaser__title anwp-font-heading my-2\">\n\t\t\t<a class=\"anwp-link-without-effects\" href=\"https:\/\/www.coordinadoradelamujer.org.bo\/emprender\/index.php\/2023\/06\/11\/alrededor-de-70-mujeres-y-jovenes-emprendedores-del-paisesperan-oportunidades-comerciales-en-la-fexco-2023\/\" aria-hidden=\"true\" >\n\t\t\t\tAlrededor de 70 mujeres y j\u00f3venes emprendedores del pa\u00eds&lt;br&gt;esperan oportunidades comerciales en la FEXCO 2023\t\t\t<\/a>\n\t\t<\/div>\n\n\t\t<div class=\"anwp-pg-post-teaser__bottom-meta d-flex flex-wrap\">\n\n\t\t\t\n\t\t\t\t\t\t\t<div class=\"anwp-pg-post-teaser__bottom-meta-item d-flex align-items-center mr-4\">\n\t\t\t\t\t<svg class=\"anwp-pg-icon anwp-pg-icon--s16 mr-2\">\n\t\t\t\t\t\t<use xlink:href=\"#icon-anwp-pg-calendar\"><\/use>\n\t\t\t\t\t<\/svg>\n\t\t\t\t\t<span class=\"screen-reader-text\">Posted on<\/span><time class=\"anwp-pg-published\" datetime=\"2023-06-11T16:22:16+00:00\">11 de junio de 2023<\/time><time class=\"anwp-pg-updated\" datetime=\"2023-06-11T16:25:02+00:00\">11 de junio de 2023<\/time>\t\t\t\t<\/div>\n\t\t\t\t\t\t<\/div>\n\n\t\t<div class=\"anwp-pg-post-teaser__excerpt mt-2\">\n\t\t\t<p>Jimena Argote es una muestra de la persistencia y creatividad con la que muchos emprendedores y emprendedoras de Bolivia han logrado superar los embates econ\u00f3micos de la pandemia. De vender platillos de pescado en las calles de su barrio, ahora, esta cochabambina de 40 a\u00f1os est\u00e1 determinada a convertir su ...<\/p>\t\t<\/div>\n\n\t\t\t\t\t<div class=\"w-100 anwp-pg-read-more mt-3\">\n\t\t\t\t<a href=\"https:\/\/www.coordinadoradelamujer.org.bo\/emprender\/index.php\/2023\/06\/11\/alrededor-de-70-mujeres-y-jovenes-emprendedores-del-paisesperan-oportunidades-comerciales-en-la-fexco-2023\/\" class=\"anwp-pg-read-more__btn \" >\n\t\t\t\t\tLeer m\u00e1s\t\t\t\t<\/a>\n\t\t\t<\/div>\n\t\t\t<\/div>\n<\/div>\n<div class=\"anwp-pg-post-teaser anwp-pg-post-teaser--layout-classic anwp-row anwp-no-gutters\">\n\n\t\t\t<div class=\"anwp-pg-post-teaser__thumbnail position-relative mb-2 mb-md-0 anwp-col-md-4\">\n\t\t\t\t\t\t\t<div class=\"anwp-pg-post-teaser__top-meta d-flex flex-column anwp-pg-post-teaser__category-column mr-auto\">\n\t\t\t\t\t<div class=\"anwp-pg-category__wrapper-filled px-2 d-flex align-items-center anwp-pg-post-teaser__category-wrapper align-self-start anwp-pg-category-parent-0\" style=\"background-color: #1565C0\"><span>Noticias<\/span><\/div>\t\t\t\t<\/div>\n\t\t\t\t\n\t\t\t<img decoding=\"async\" loading=\"lazy\" src=\"https:\/\/www.coordinadoradelamujer.org.bo\/emprender\/wp-content\/uploads\/2023\/11\/Frontis-de-Casa-de-la-Mujer-Entre-Rios-1.jpg\"\/>\n\n\t\t\t<div class=\"anwp-pg-post-teaser__thumbnail-classic-bg anwp-position-cover\"><\/div>\n\n\t\t\t<a class=\"anwp-position-cover anwp-link-without-effects\" href=\"https:\/\/www.coordinadoradelamujer.org.bo\/emprender\/index.php\/2023\/06\/11\/mujeres-productoras-exigen-equipamiento-y-pleno-funcionamientode-la-casa-de-la-mujer-de-la-provincia-oconnor\/\" aria-hidden=\"true\" ><\/a>\n\t\t<\/div>\n\t\n\t<div class=\"anwp-pg-post-teaser__content anwp-col-md-8\">\n\n\t\t<div class=\"anwp-pg-post-teaser__title anwp-font-heading my-2\">\n\t\t\t<a class=\"anwp-link-without-effects\" href=\"https:\/\/www.coordinadoradelamujer.org.bo\/emprender\/index.php\/2023\/06\/11\/mujeres-productoras-exigen-equipamiento-y-pleno-funcionamientode-la-casa-de-la-mujer-de-la-provincia-oconnor\/\" aria-hidden=\"true\" >\n\t\t\t\tMujeres productoras exigen equipamiento y pleno funcionamiento&lt;br&gt;de la Casa de la Mujer de la provincia O\u2019Connor\t\t\t<\/a>\n\t\t<\/div>\n\n\t\t<div class=\"anwp-pg-post-teaser__bottom-meta d-flex flex-wrap\">\n\n\t\t\t\n\t\t\t\t\t\t\t<div class=\"anwp-pg-post-teaser__bottom-meta-item d-flex align-items-center mr-4\">\n\t\t\t\t\t<svg class=\"anwp-pg-icon anwp-pg-icon--s16 mr-2\">\n\t\t\t\t\t\t<use xlink:href=\"#icon-anwp-pg-calendar\"><\/use>\n\t\t\t\t\t<\/svg>\n\t\t\t\t\t<span class=\"screen-reader-text\">Posted on<\/span><time class=\"anwp-pg-published\" datetime=\"2023-06-11T16:09:53+00:00\">11 de junio de 2023<\/time><time class=\"anwp-pg-updated\" datetime=\"2023-11-03T16:09:52+00:00\">3 de noviembre de 2023<\/time>\t\t\t\t<\/div>\n\t\t\t\t\t\t<\/div>\n\n\t\t<div class=\"anwp-pg-post-teaser__excerpt mt-2\">\n\t\t\t<p>El 22 de mayo, en instalaciones de la Casa de la Mujer, la mujeres productoras de la provincia O\u00b4Connor (Tarija) realizar\u00e1n un encuentro para exigir la implementaci\u00f3n de la Ley N\u00b0 020, Ley de construcci\u00f3n, equipamiento y funcionamiento de la Casa de la Mujer y promoci\u00f3n de iniciativas econ\u00f3micas de ...<\/p>\t\t<\/div>\n\n\t\t\t\t\t<div class=\"w-100 anwp-pg-read-more mt-3\">\n\t\t\t\t<a href=\"https:\/\/www.coordinadoradelamujer.org.bo\/emprender\/index.php\/2023\/06\/11\/mujeres-productoras-exigen-equipamiento-y-pleno-funcionamientode-la-casa-de-la-mujer-de-la-provincia-oconnor\/\" class=\"anwp-pg-read-more__btn \" >\n\t\t\t\t\tLeer m\u00e1s\t\t\t\t<\/a>\n\t\t\t<\/div>\n\t\t\t<\/div>\n<\/div>\n\t<\/div>\n\t\n\t<nav aria-label=\"anwp-pg-pagination-navigation\" class=\"anwp-pg-pagination-navigation position-relative\">\n\t<ul class=\"anwp-pg-pagination mx-0 justify-content-center flex-wrap\"\n\t\tdata-anwp-show_previous=\"yes\"\n\t\tdata-anwp-show_next=\"yes\"\n\t\tdata-anwp-show_first_ellipsis=\"yes\"\n\t\tdata-anwp-show_last_ellipsis=\"yes\"\n\t\tdata-anwp-auto_hide_previous=\"no\"\n\t\tdata-anwp-auto_hide_next=\"no\"\n\t\tdata-anwp-show_page_numbers=\"yes\"\n\t\tdata-anwp-page_range=\"2\"\n\t\tdata-anwp-text_previous=\"\"\n\t\tdata-anwp-text_next=\"\"\n\t\tdata-anwp-total=\"7\"\n\t\tdata-anwp-limit=\"3\"\n\t\tdata-anwp-pagination=\"{&quot;posts_to_show&quot;:&quot;latest&quot;,&quot;include_ids&quot;:&quot;&quot;,&quot;exclude_ids&quot;:&quot;&quot;,&quot;exclude_by_category&quot;:&quot;&quot;,&quot;filter_by_category&quot;:&quot;4&quot;,&quot;filter_by_tag&quot;:&quot;&quot;,&quot;filter_by_post_format&quot;:&quot;all&quot;,&quot;filter_by_author&quot;:&quot;&quot;,&quot;published_in_last_days&quot;:0,&quot;limit&quot;:3,&quot;offset&quot;:3,&quot;grid_cols&quot;:3,&quot;grid_cols_tablet&quot;:2,&quot;grid_cols_mobile&quot;:1,&quot;grid_thumbnail_size&quot;:&quot;full&quot;,&quot;show_category&quot;:&quot;yes&quot;,&quot;category_limit&quot;:1,&quot;show_date&quot;:&quot;yes&quot;,&quot;show_author&quot;:&quot;&quot;,&quot;show_comments&quot;:&quot;&quot;,&quot;card_height&quot;:&quot;180&quot;,&quot;show_excerpt&quot;:&quot;yes&quot;,&quot;excerpt_num_words&quot;:50,&quot;excerpt_source&quot;:&quot;&quot;,&quot;excerpt_html&quot;:&quot;yes&quot;,&quot;layout&quot;:&quot;classic&quot;,&quot;show_read_more&quot;:&quot;yes&quot;,&quot;read_more_label&quot;:&quot;Leer m\\u00e1s&quot;,&quot;read_more_class&quot;:&quot;&quot;,&quot;post_image_width&quot;:&quot;1_3&quot;,&quot;show_post_icon&quot;:&quot;yes&quot;,&quot;query_source&quot;:&quot;posts&quot;,&quot;related_posts&quot;:&quot;&quot;,&quot;related_posts_order&quot;:&quot;&quot;,&quot;card_height_mobile&quot;:&quot;&quot;,&quot;card_height_tablet&quot;:&quot;&quot;,&quot;filter_by_c_tax&quot;:&quot;&quot;,&quot;labels_by_c_tax&quot;:&quot;&quot;}\"><\/ul>\n<\/nav>\n<\/div>\n\t\t<\/div>\n\t\t\t\t<\/div>\n\t\t\t\t\t<\/div>\n\t\t<\/div>\n\t\t\t\t\t\t\t<\/div>\n\t\t<\/section>\n\t\t\t\t\t\t\t<\/div>\n\t\t","protected":false},"excerpt":{"rendered":"<p>NOTICIAS Ultimas Noticias Cochabamba: Mujeres y j\u00f3venes emprendedores se capacitan en gesti\u00f3n empresarial Mujeres de Cochabamba ven una oportunidad en Emprender Si vives en Tarija, puedes aprender a potenciar tu negocio Noticias Estudiantes de secundaria dialogan sobre sus derechos Posted on21 de julio de 20229 de agosto de 2022 Lorem Ipsum es simplemente el texto &hellip;<\/p>\n<p class=\"read-more\"> <a class=\"\" href=\"https:\/\/www.coordinadoradelamujer.org.bo\/emprender\/index.php\/2023\/11\/17\/mas-de-15-organizaciones-reactivan-la-plataforma-ruta-2030-para-dar-seguimiento-al-cumplimiento-de-los-ods\/\"> <span class=\"screen-reader-text\">M\u00e1s de 15 organizaciones reactivan la Plataforma Ruta 2030 para dar seguimiento al cumplimiento de los ODS<\/span> Leer m\u00e1s &raquo;<\/a><\/p>\n","protected":false},"author":1,"featured_media":0,"parent":0,"menu_order":0,"comment_status":"closed","ping_status":"closed","template":"","meta":{"site-sidebar-layout":"no-sidebar","site-content-layout":"page-builder","ast-global-header-display":"","ast-main-header-display":"","ast-hfb-above-header-display":"","ast-hfb-below-header-display":"","ast-hfb-mobile-header-display":"","site-post-title":"disabled","ast-breadcrumbs-content":"","ast-featured-img":"disabled","footer-sml-layout":"","theme-transparent-header-meta":"","adv-header-id-meta":"","stick-header-meta":"","header-above-stick-meta":"","header-main-stick-meta":"","header-below-stick-meta":"","footnotes":""},"_links":{"self":[{"href":"https:\/\/www.coordinadoradelamujer.org.bo\/emprender\/index.php\/wp-json\/wp\/v2\/pages\/48"}],"collection":[{"href":"https:\/\/www.coordinadoradelamujer.org.bo\/emprender\/index.php\/wp-json\/wp\/v2\/pages"}],"about":[{"href":"https:\/\/www.coordinadoradelamujer.org.bo\/emprender\/index.php\/wp-json\/wp\/v2\/types\/page"}],"author":[{"embeddable":true,"href":"https:\/\/www.coordinadoradelamujer.org.bo\/emprender\/index.php\/wp-json\/wp\/v2\/users\/1"}],"replies":[{"embeddable":true,"href":"https:\/\/www.coordinadoradelamujer.org.bo\/emprender\/index.php\/wp-json\/wp\/v2\/comments?post=48"}],"version-history":[{"count":104,"href":"https:\/\/www.coordinadoradelamujer.org.bo\/emprender\/index.php\/wp-json\/wp\/v2\/pages\/48\/revisions"}],"predecessor-version":[{"id":15899,"href":"https:\/\/www.coordinadoradelamujer.org.bo\/emprender\/index.php\/wp-json\/wp\/v2\/pages\/48\/revisions\/15899"}],"wp:attachment":[{"href":"https:\/\/www.coordinadoradelamujer.org.bo\/emprender\/index.php\/wp-json\/wp\/v2\/media?parent=48"}],"curies":[{"name":"wp","href":"https:\/\/api.w.org\/{rel}","templated":true}]}}